{"id":14709,"date":"2023-01-01T21:38:15","date_gmt":"2023-01-01T20:38:15","guid":{"rendered":"https:\/\/www.kowi-salzburg.at\/dt_team\/assoz-prof-pd-mag-dr-thomas-herdin\/"},"modified":"2024-01-09T09:24:15","modified_gmt":"2024-01-09T08:24:15","slug":"assoz-prof-pd-mag-dr-thomas-herdin","status":"publish","type":"dt_team","link":"https:\/\/www.kowi-salzburg.at\/en\/team\/assoz-prof-pd-mag-dr-thomas-herdin\/","title":{"rendered":"Thomas Herdin"},"content":{"rendered":"<div class=\"wpb-content-wrapper\"><p>[vc_row][vc_column][vc_column_text]<\/p>\n<h2>Assoz. Prof. PD Mag. Dr. Thomas Herdin<\/h2>\n<h5>Head of <strong>Division Transcultural Communication<\/strong><\/h5>\n<p>[\/vc_column_text][vc_single_image source=&#8221;featured_image&#8221; img_size=&#8221;width=&#8220;497&#8220; height=&#8220;332&#8220;&#8221;][vc_column_text]<strong>Room:<\/strong> Raised first floor 010, Rudolfskai 42, 5020 Salzburg<\/p>\n<p><strong>Office hours:<\/strong> by appointment<\/p>\n<p><strong>Phone:<\/strong> +43-662-8044-4158<\/p>\n<p><strong>Mail:<\/strong> <a title=\"mailto:Thomas.Herdin@plus.ac.at\" href=\"mailto:Thomas.Herdin@plus.ac.at\" target=\"_blank\" rel=\"noopener noreferrer\" data-typo-obfuscation-id=\"typo-649c28346e133-1,typo-649c28346e133-2\" data-content=\"==Adh5yYh5yc1xGcA5WakJXZI5ych12boRlOvRHbpFWb\"><span data-typo-obfuscation-id=\"typo-649c28346e133-6\">Thomas.Herdin@plus.ac.at<\/span><\/a><\/p>\n<div class=\"gap\" style=\"line-height: 15px; height: 15px;\"><\/div>Thomas Herdin is an Associate Professor in the Department of Communication Studies and Head of the <a title=\"Division Transcultural Communication\" href=\"https:\/\/www.kowi-salzburg.at\/en\/department\/transcultural-communication\/\" target=\"_blank\" rel=\"noopener\">Transcultural Communication Division.<\/a> His research areas include intercultural competence and socio-cultural resilience, value changes and cultural transformation processes in Asia, and de-Westernization in communication research. After conducting a field study in Central America, he lived for seven years (1995-2001) in Asia.<\/p>\n<p>For more information, visit: www.herdin.at[\/vc_column_text][vc_tta_accordion][vc_tta_section title=&#8221;Research Interests&#8221; tab_id=&#8221;1687894439643-362dbb23-6cd2b474-42c35569-6ff8&#8243;]<div class=\"standard-arrow list-divider bullet-top\"><ul>\n<li>Intercultural competence and socio-cultural resilience<\/li>\n<li>Changing values and transcultural transformation processes<\/li>\n<li>De-Westernisation approaches in communication studies<\/li>\n<li>Mediatisation from a transcultural perspective<\/li>\n<li>Global South, North-South Communication and Development Policy<\/li>\n<li>Intercultural Management and Tourism Research<\/li>\n<\/ul>\n<\/div>[\/vc_tta_section][vc_tta_section title=&#8221;Networks&#8221; tab_id=&#8221;1687894439647-00c460a4-9ab3b474-42c35569-6ff8&#8243;]<div class=\"standard-arrow list-divider bullet-top\"><ul>\n<li><i class=\"fa fa-external-link\" aria-hidden=\"true\"><\/i><a title=\"https:\/\/iamcr.org\/\" href=\"https:\/\/iamcr.org\/\" target=\"_blank\" rel=\"nofollow noopener\">IAMCR<\/a> (International Association for Media and Communication Research): Member<\/li>\n<li><i class=\"fa fa-external-link\" aria-hidden=\"true\"><\/i><a title=\"https:\/\/ecrea.eu\/\" href=\"https:\/\/ecrea.eu\/\" target=\"_blank\" rel=\"nofollow noopener\">ECREA<\/a> (European Communication Research and Education Association): Member<\/li>\n<li><i class=\"fa fa-external-link\" aria-hidden=\"true\"><\/i><a title=\"http:\/\/www.init.sbg.ac.at\/\" href=\"http:\/\/www.init.sbg.ac.at\/\" target=\"_blank\" rel=\"nofollow noopener\">Institute for Interdisciplinary Tourism Research<\/a> (init) on the Managing Board since 2001<\/li>\n<li><i class=\"fa fa-external-link\" aria-hidden=\"true\"><\/i><a title=\"https:\/\/www.suedwind.at\/salzburg\/\" href=\"https:\/\/www.suedwind.at\/salzburg\/\" target=\"_blank\" rel=\"nofollow noopener\">S\u00fcdwind<\/a> (development education and public relations) on the board since 2009 https:\/\/www.suedwind.at\/salzburg\/<\/li>\n<li>Research Group Media, Communication &amp; Tourism (FMK&amp;T) on the Board of Directors since 2001<\/li>\n<\/ul>\n<\/div>[\/vc_tta_section][vc_tta_section title=&#8221;Documentation of Research&#8221; tab_id=&#8221;1687894516670-7d16be3a-9e7ab474-42c35569-6ff8&#8243;][vc_column_text]The latest research documentation can be found <a title=\"here\" href=\"https:\/\/uni-salzburg.elsevierpure.com\/de\/persons\/thomas-herdin-4\" target=\"_blank\" rel=\"nofollow noopener\">here<\/a>.[\/vc_column_text][\/vc_tta_section][vc_tta_section title=&#8221;Master\u00b4s Exams&#8221; tab_id=&#8221;1687894535139-386f1215-02a1b474-42c35569-6ff8&#8243;][vc_column_text]<strong>Notes on master&#8217;s exams at Assoc. Prof. PD Mag. Dr. Thomas Herdin<\/strong>[\/vc_column_text]<div class=\"standard-arrow list-divider bullet-top\"><p>Here are the following instructions for <a title=\"https:\/\/www.plus.ac.at\/wp-content\/uploads\/2022\/06\/HinweiseMasterpruefungen_TomHerdin.pdf\" href=\"https:\/\/www.plus.ac.at\/wp-content\/uploads\/2022\/06\/HinweiseMasterpruefungen_TomHerdin.pdf\" target=\"_blank\" rel=\"noreferrer noopener\">download<\/a>.<\/p>\n<p><strong>Examination topic<\/strong><\/p>\n<p>The examination topic deals with central aspects of intercultural and transcultural communication.<\/p>\n<p><strong>Examination literature<\/strong><\/p>\n<p>The examination literature is about 200 pages long. You will find the literature list below. The literature will be made available to you (via e-mail attachment).<\/p>\n<p><strong>Exam preparation<\/strong><\/p>\n<p>Six to eight weeks before the scheduled examination date (examinations are usually held on Monday mornings), you should make an appointment to discuss the date, topic and examination literature.<\/p>\n<p><span data-typo-obfuscation-id=\"typo-649c28346e133-8\">In preparation for the Master\u2019s examination, please prepare an excerpt of the examination literature. Scope: one-page written elaboration of each paper incl. formulation of three to four theses generated from the text. Please send this excerpt to me at least one week before the examination date to: thomas.herdin@sbg.ac.at.<\/span><\/p>\n<p>For an above-average examination, a problem-oriented discussion and critical reflection is (also) required (e.g. criticism of previous research or establishing a reference to current developments); these reflections should definitely be included in the examination preparation in addition to simply learning the contents.<\/p>\n<p><strong>Literature<\/strong><\/p>\n<p>Bachleitner, Reinhard\/ Weichbold, Martin\/ Aschauer, Wolfgang\/ Pausch, Markus (2014): Methodik und Methodologie interkulturelle Umfrageforschung. (S.11-44)<\/p>\n<p>Deardorff, Darla K. (2006): Identification and Assessment of Intercultural Competence as a Student Outcome of Internationalization. In: Journal of Studies in International Education,<br \/>\nJg., H.3, 241\u2013266.<\/p>\n<p>Gunaratne, Shelton A. (2009): Emerging global divides in media and communication theory: European universalism versus non-Western reactions. In: Asian Journal of Communication, 19. Jg., H. 4, 366-383.<\/p>\n<p>Kitayama, Shinobu\/ Uskul, Ayse K. (2011): Culture, mind, and the brain. Current evidence and future directions. In: Annual review of psychology, 62. Jg.,o.H., 419-449.<\/p>\n<p>L\u00fcsebrink, Hans-J\u00fcrgen (2003): Kulturraumstudien und interkulturelle Kommunikation. In: N\u00fcnning, Ansgar\/ N\u00fcnning, Vera (Hrsg.): Konzepte der Kulturwissenschaften. Stuttgart: Verlag J.B. Metzler, 307-328.<\/p>\n<p>Nicklas, H. (2006). Ethnozentrismus, Xenophobie, Exotismus. In: Nicklas, Hans\/ M\u00fcller, Burkhard\/ Kordes, Hagen (Hg.).: Interkulturell denken und handeln. Theoretische Grundlagen Und Gesellschaftliche Praxis. Frankfurt\/Main: Campus Verlag, S.93-100<\/p>\n<p>Erg\u00e4nzung zu Mario Erheim (zit. in: Herdin, T (2018): Werte, Kommunikation und Kultur: Fokus China. Baden-Baden: Nomos; S.168-170)<\/p>\n<p>Obrecht, Andreas J. (2003): Zeitreichtum und Zeitarmut im Global Village. In: Faschingeder, Gerald\/ Kolland, Franz\/ Wimmer, Franz (Hg.): Kultur als umk\u00e4mpftes Terrain. Wien, 215\u2013241.<\/p>\n<p>Sch\u00e4ffter, O. (1991): Modi des Fremderlebens: Deutungsmuster im Umgang mit Fremdheit. In: Sch\u00e4ffter, O. (Hg.): Das Fremde: Erfahrungsm\u00f6glichkeiten zwischen Faszination und Bedrohung. Opladen, S. 11-42 (im pdf 15 Textseiten).<\/p>\n<p>Wang, Georgette (2011): Beyond de-Westernizing communication research. An introduction. In: Wang, Georgette (Hg.): De-Westernizing Communication Research. Altering Questions and Changing Frameworks. New York: Routledge, 1-18.<\/p>\n<p>Welsch, Wolfgang (2010): Was ist eigentlich Transkulturalit\u00e4t. In: Darowska, L.\/ L\u00fcttenberg, T.\/ Machold, C. (Eds.). Hochschule als transkultureller Raum? Kultur, Bildung und Differenz in der Universit\u00e4t. transcript Verlag. S. 39-66 (im pdf 16 Textseiten).<\/p>\n<\/div>[\/vc_tta_section][\/vc_tta_accordion][\/vc_column][\/vc_row]<\/p>\n<\/div>","protected":false},"excerpt":{"rendered":"<p>Thomas.Herdin@plus.ac.at<\/p>\n","protected":false},"featured_media":21824,"comment_status":"closed","ping_status":"closed","template":"","dt_team_category":[585,587,590],"class_list":["post-14709","dt_team","type-dt_team","status-publish","has-post-thumbnail","hentry","dt_team_category-communication-studies","dt_team_category-professorin-en","dt_team_category-transcultural-communication","dt_team_category-585","dt_team_category-587","dt_team_category-590","description-off"],"yoast_head":"<!-- This site is optimized with the Yoast SEO plugin v27.4 - https:\/\/yoast.com\/product\/yoast-seo-wordpress\/ -->\n<title>Thomas Herdin - KoWi Salzburg<\/title>\n<meta name=\"robots\" content=\"index, follow, max-snippet:-1, max-image-preview:large, max-video-preview:-1\" \/>\n<link rel=\"canonical\" href=\"https:\/\/www.kowi-salzburg.at\/en\/team\/assoz-prof-pd-mag-dr-thomas-herdin\/\" \/>\n<meta property=\"og:locale\" content=\"en_US\" \/>\n<meta property=\"og:type\" content=\"article\" \/>\n<meta property=\"og:title\" content=\"Thomas Herdin - KoWi Salzburg\" \/>\n<meta property=\"og:description\" content=\"Thomas.Herdin@plus.ac.at\" \/>\n<meta property=\"og:url\" content=\"https:\/\/www.kowi-salzburg.at\/en\/team\/assoz-prof-pd-mag-dr-thomas-herdin\/\" \/>\n<meta property=\"og:site_name\" content=\"KoWi Salzburg\" \/>\n<meta property=\"article:modified_time\" content=\"2024-01-09T08:24:15+00:00\" \/>\n<meta property=\"og:image\" content=\"https:\/\/www.kowi-salzburg.at\/wp-content\/uploads\/2023\/01\/Herdin-Thomas.jpg\" \/>\n\t<meta property=\"og:image:width\" content=\"1748\" \/>\n\t<meta property=\"og:image:height\" content=\"1167\" \/>\n\t<meta property=\"og:image:type\" content=\"image\/jpeg\" \/>\n<meta name=\"twitter:card\" content=\"summary_large_image\" \/>\n<meta name=\"twitter:site\" content=\"@kow_salzburg\" \/>\n<meta name=\"twitter:label1\" content=\"Est. reading time\" \/>\n\t<meta name=\"twitter:data1\" content=\"4 minutes\" \/>\n<script type=\"application\/ld+json\" class=\"yoast-schema-graph\">{\"@context\":\"https:\\\/\\\/schema.org\",\"@graph\":[{\"@type\":\"WebPage\",\"@id\":\"https:\\\/\\\/www.kowi-salzburg.at\\\/en\\\/team\\\/assoz-prof-pd-mag-dr-thomas-herdin\\\/\",\"url\":\"https:\\\/\\\/www.kowi-salzburg.at\\\/en\\\/team\\\/assoz-prof-pd-mag-dr-thomas-herdin\\\/\",\"name\":\"Thomas Herdin - KoWi Salzburg\",\"isPartOf\":{\"@id\":\"https:\\\/\\\/www.kowi-salzburg.at\\\/en\\\/#website\"},\"primaryImageOfPage\":{\"@id\":\"https:\\\/\\\/www.kowi-salzburg.at\\\/en\\\/team\\\/assoz-prof-pd-mag-dr-thomas-herdin\\\/#primaryimage\"},\"image\":{\"@id\":\"https:\\\/\\\/www.kowi-salzburg.at\\\/en\\\/team\\\/assoz-prof-pd-mag-dr-thomas-herdin\\\/#primaryimage\"},\"thumbnailUrl\":\"https:\\\/\\\/www.kowi-salzburg.at\\\/wp-content\\\/uploads\\\/2023\\\/01\\\/Herdin-neu-scaled.png\",\"datePublished\":\"2023-01-01T20:38:15+00:00\",\"dateModified\":\"2024-01-09T08:24:15+00:00\",\"breadcrumb\":{\"@id\":\"https:\\\/\\\/www.kowi-salzburg.at\\\/en\\\/team\\\/assoz-prof-pd-mag-dr-thomas-herdin\\\/#breadcrumb\"},\"inLanguage\":\"en-US\",\"potentialAction\":[{\"@type\":\"ReadAction\",\"target\":[\"https:\\\/\\\/www.kowi-salzburg.at\\\/en\\\/team\\\/assoz-prof-pd-mag-dr-thomas-herdin\\\/\"]}]},{\"@type\":\"ImageObject\",\"inLanguage\":\"en-US\",\"@id\":\"https:\\\/\\\/www.kowi-salzburg.at\\\/en\\\/team\\\/assoz-prof-pd-mag-dr-thomas-herdin\\\/#primaryimage\",\"url\":\"https:\\\/\\\/www.kowi-salzburg.at\\\/wp-content\\\/uploads\\\/2023\\\/01\\\/Herdin-neu-scaled.png\",\"contentUrl\":\"https:\\\/\\\/www.kowi-salzburg.at\\\/wp-content\\\/uploads\\\/2023\\\/01\\\/Herdin-neu-scaled.png\",\"width\":2560,\"height\":1709},{\"@type\":\"BreadcrumbList\",\"@id\":\"https:\\\/\\\/www.kowi-salzburg.at\\\/en\\\/team\\\/assoz-prof-pd-mag-dr-thomas-herdin\\\/#breadcrumb\",\"itemListElement\":[{\"@type\":\"ListItem\",\"position\":1,\"name\":\"Startseite\",\"item\":\"https:\\\/\\\/www.kowi-salzburg.at\\\/en\\\/\"},{\"@type\":\"ListItem\",\"position\":2,\"name\":\"Mitarbeiter:innen\",\"item\":\"https:\\\/\\\/www.kowi-salzburg.at\\\/en\\\/team\\\/\"},{\"@type\":\"ListItem\",\"position\":3,\"name\":\"Thomas Herdin\"}]},{\"@type\":\"WebSite\",\"@id\":\"https:\\\/\\\/www.kowi-salzburg.at\\\/en\\\/#website\",\"url\":\"https:\\\/\\\/www.kowi-salzburg.at\\\/en\\\/\",\"name\":\"KoWi Salzburg\",\"description\":\"FB Kommunikationswissenschaften Universit\u00e4t Salzburg\",\"publisher\":{\"@id\":\"https:\\\/\\\/www.kowi-salzburg.at\\\/en\\\/#organization\"},\"potentialAction\":[{\"@type\":\"SearchAction\",\"target\":{\"@type\":\"EntryPoint\",\"urlTemplate\":\"https:\\\/\\\/www.kowi-salzburg.at\\\/en\\\/?s={search_term_string}\"},\"query-input\":{\"@type\":\"PropertyValueSpecification\",\"valueRequired\":true,\"valueName\":\"search_term_string\"}}],\"inLanguage\":\"en-US\"},{\"@type\":\"Organization\",\"@id\":\"https:\\\/\\\/www.kowi-salzburg.at\\\/en\\\/#organization\",\"name\":\"KoWi Salzburg\",\"url\":\"https:\\\/\\\/www.kowi-salzburg.at\\\/en\\\/\",\"logo\":{\"@type\":\"ImageObject\",\"inLanguage\":\"en-US\",\"@id\":\"https:\\\/\\\/www.kowi-salzburg.at\\\/en\\\/#\\\/schema\\\/logo\\\/image\\\/\",\"url\":\"https:\\\/\\\/www.kowi-salzburg.at\\\/wp-content\\\/uploads\\\/2023\\\/07\\\/PLUS-Logo-Farbe-gross.png\",\"contentUrl\":\"https:\\\/\\\/www.kowi-salzburg.at\\\/wp-content\\\/uploads\\\/2023\\\/07\\\/PLUS-Logo-Farbe-gross.png\",\"width\":1417,\"height\":708,\"caption\":\"KoWi Salzburg\"},\"image\":{\"@id\":\"https:\\\/\\\/www.kowi-salzburg.at\\\/en\\\/#\\\/schema\\\/logo\\\/image\\\/\"},\"sameAs\":[\"https:\\\/\\\/x.com\\\/kow_salzburg\",\"https:\\\/\\\/instagram.com\\\/kowi_salzburg\"]}]}<\/script>\n<!-- \/ Yoast SEO plugin. -->","yoast_head_json":{"title":"Thomas Herdin - KoWi Salzburg","robots":{"index":"index","follow":"follow","max-snippet":"max-snippet:-1","max-image-preview":"max-image-preview:large","max-video-preview":"max-video-preview:-1"},"canonical":"https:\/\/www.kowi-salzburg.at\/en\/team\/assoz-prof-pd-mag-dr-thomas-herdin\/","og_locale":"en_US","og_type":"article","og_title":"Thomas Herdin - KoWi Salzburg","og_description":"Thomas.Herdin@plus.ac.at","og_url":"https:\/\/www.kowi-salzburg.at\/en\/team\/assoz-prof-pd-mag-dr-thomas-herdin\/","og_site_name":"KoWi Salzburg","article_modified_time":"2024-01-09T08:24:15+00:00","og_image":[{"width":1748,"height":1167,"url":"https:\/\/www.kowi-salzburg.at\/wp-content\/uploads\/2023\/01\/Herdin-Thomas.jpg","type":"image\/jpeg"}],"twitter_card":"summary_large_image","twitter_site":"@kow_salzburg","twitter_misc":{"Est. reading time":"4 minutes"},"schema":{"@context":"https:\/\/schema.org","@graph":[{"@type":"WebPage","@id":"https:\/\/www.kowi-salzburg.at\/en\/team\/assoz-prof-pd-mag-dr-thomas-herdin\/","url":"https:\/\/www.kowi-salzburg.at\/en\/team\/assoz-prof-pd-mag-dr-thomas-herdin\/","name":"Thomas Herdin - KoWi Salzburg","isPartOf":{"@id":"https:\/\/www.kowi-salzburg.at\/en\/#website"},"primaryImageOfPage":{"@id":"https:\/\/www.kowi-salzburg.at\/en\/team\/assoz-prof-pd-mag-dr-thomas-herdin\/#primaryimage"},"image":{"@id":"https:\/\/www.kowi-salzburg.at\/en\/team\/assoz-prof-pd-mag-dr-thomas-herdin\/#primaryimage"},"thumbnailUrl":"https:\/\/www.kowi-salzburg.at\/wp-content\/uploads\/2023\/01\/Herdin-neu-scaled.png","datePublished":"2023-01-01T20:38:15+00:00","dateModified":"2024-01-09T08:24:15+00:00","breadcrumb":{"@id":"https:\/\/www.kowi-salzburg.at\/en\/team\/assoz-prof-pd-mag-dr-thomas-herdin\/#breadcrumb"},"inLanguage":"en-US","potentialAction":[{"@type":"ReadAction","target":["https:\/\/www.kowi-salzburg.at\/en\/team\/assoz-prof-pd-mag-dr-thomas-herdin\/"]}]},{"@type":"ImageObject","inLanguage":"en-US","@id":"https:\/\/www.kowi-salzburg.at\/en\/team\/assoz-prof-pd-mag-dr-thomas-herdin\/#primaryimage","url":"https:\/\/www.kowi-salzburg.at\/wp-content\/uploads\/2023\/01\/Herdin-neu-scaled.png","contentUrl":"https:\/\/www.kowi-salzburg.at\/wp-content\/uploads\/2023\/01\/Herdin-neu-scaled.png","width":2560,"height":1709},{"@type":"BreadcrumbList","@id":"https:\/\/www.kowi-salzburg.at\/en\/team\/assoz-prof-pd-mag-dr-thomas-herdin\/#breadcrumb","itemListElement":[{"@type":"ListItem","position":1,"name":"Startseite","item":"https:\/\/www.kowi-salzburg.at\/en\/"},{"@type":"ListItem","position":2,"name":"Mitarbeiter:innen","item":"https:\/\/www.kowi-salzburg.at\/en\/team\/"},{"@type":"ListItem","position":3,"name":"Thomas Herdin"}]},{"@type":"WebSite","@id":"https:\/\/www.kowi-salzburg.at\/en\/#website","url":"https:\/\/www.kowi-salzburg.at\/en\/","name":"KoWi Salzburg","description":"FB Kommunikationswissenschaften Universit\u00e4t Salzburg","publisher":{"@id":"https:\/\/www.kowi-salzburg.at\/en\/#organization"},"potentialAction":[{"@type":"SearchAction","target":{"@type":"EntryPoint","urlTemplate":"https:\/\/www.kowi-salzburg.at\/en\/?s={search_term_string}"},"query-input":{"@type":"PropertyValueSpecification","valueRequired":true,"valueName":"search_term_string"}}],"inLanguage":"en-US"},{"@type":"Organization","@id":"https:\/\/www.kowi-salzburg.at\/en\/#organization","name":"KoWi Salzburg","url":"https:\/\/www.kowi-salzburg.at\/en\/","logo":{"@type":"ImageObject","inLanguage":"en-US","@id":"https:\/\/www.kowi-salzburg.at\/en\/#\/schema\/logo\/image\/","url":"https:\/\/www.kowi-salzburg.at\/wp-content\/uploads\/2023\/07\/PLUS-Logo-Farbe-gross.png","contentUrl":"https:\/\/www.kowi-salzburg.at\/wp-content\/uploads\/2023\/07\/PLUS-Logo-Farbe-gross.png","width":1417,"height":708,"caption":"KoWi Salzburg"},"image":{"@id":"https:\/\/www.kowi-salzburg.at\/en\/#\/schema\/logo\/image\/"},"sameAs":["https:\/\/x.com\/kow_salzburg","https:\/\/instagram.com\/kowi_salzburg"]}]}},"publishpress_future_workflow_manual_trigger":{"enabledWorkflows":[]},"_links":{"self":[{"href":"https:\/\/www.kowi-salzburg.at\/en\/wp-json\/wp\/v2\/dt_team\/14709","targetHints":{"allow":["GET"]}}],"collection":[{"href":"https:\/\/www.kowi-salzburg.at\/en\/wp-json\/wp\/v2\/dt_team"}],"about":[{"href":"https:\/\/www.kowi-salzburg.at\/en\/wp-json\/wp\/v2\/types\/dt_team"}],"replies":[{"embeddable":true,"href":"https:\/\/www.kowi-salzburg.at\/en\/wp-json\/wp\/v2\/comments?post=14709"}],"wp:featuredmedia":[{"embeddable":true,"href":"https:\/\/www.kowi-salzburg.at\/en\/wp-json\/wp\/v2\/media\/21824"}],"wp:attachment":[{"href":"https:\/\/www.kowi-salzburg.at\/en\/wp-json\/wp\/v2\/media?parent=14709"}],"wp:term":[{"taxonomy":"dt_team_category","embeddable":true,"href":"https:\/\/www.kowi-salzburg.at\/en\/wp-json\/wp\/v2\/dt_team_category?post=14709"}],"curies":[{"name":"wp","href":"https:\/\/api.w.org\/{rel}","templated":true}]}}