{"id":14756,"date":"2023-06-28T11:14:35","date_gmt":"2023-06-28T09:14:35","guid":{"rendered":"https:\/\/www.kowi-salzburg.at\/dt_team\/o-univ-prof-em-dr-manfred-knoche\/"},"modified":"2023-12-12T14:24:27","modified_gmt":"2023-12-12T13:24:27","slug":"o-univ-prof-em-dr-manfred-knoche","status":"publish","type":"dt_team","link":"https:\/\/www.kowi-salzburg.at\/en\/team\/o-univ-prof-em-dr-manfred-knoche\/","title":{"rendered":"Manfred Knoche r."},"content":{"rendered":"<div class=\"wpb-content-wrapper\"><p>[vc_row][vc_column][vc_column_text]<\/p>\r\n\r\n<h2 class=\"wp-block-heading\">O. Univ.Prof. em. Dr. Manfred Knoche<\/h2>\r\n\r\n\r\n\r\n<figure class=\"wp-block-image size-large is-resized\"><img loading=\"lazy\" decoding=\"async\" class=\"alignleft wp-image-6240\" src=\"https:\/\/www.kowi-salzburg.at\/wp-content\/uploads\/2019\/08\/portrait_manfredknoche_web-300x201.jpg\" alt=\"\" width=\"494\" height=\"332\" srcset=\"https:\/\/www.kowi-salzburg.at\/wp-content\/uploads\/2019\/08\/portrait_manfredknoche_web-300x201.jpg 300w, https:\/\/www.kowi-salzburg.at\/wp-content\/uploads\/2019\/08\/portrait_manfredknoche_web-768x516.jpg 768w, https:\/\/www.kowi-salzburg.at\/wp-content\/uploads\/2019\/08\/portrait_manfredknoche_web-1024x688.jpg 1024w, https:\/\/www.kowi-salzburg.at\/wp-content\/uploads\/2019\/08\/portrait_manfredknoche_web.jpg 2046w\" sizes=\"auto, (max-width: 494px) 100vw, 494px\" \/><\/figure>\r\n\r\n<p>&nbsp;<\/p>\r\n<p>&nbsp;<\/p>\r\n<p>&nbsp;<\/p>\r\n<p>&nbsp;<\/p>\r\n<p>&nbsp;<\/p>\r\n<p>&nbsp;<\/p>\r\n<p>&nbsp;<\/p>\r\n<p>&nbsp;<\/p>\r\n<p>&nbsp;<\/p>\r\n<p>&nbsp;<\/p>\r\n<p><strong>Mail:<\/strong> <a title=\"Manfred.Knoche@plus.ac.at\" href=\"mailto:Manfred.Knoche@plus.ac.at\" target=\"_blank\" rel=\"noopener\" data-typo-obfuscation-id=\"typo-649bf780c5b73-1,typo-649bf780c5b73-2\" data-content=\"=QXYuMWYuMXdsBHQlh2Yv52SuQWZyZmbh1kOvRHbpFWb\"><span data-typo-obfuscation-id=\"typo-649bf780c5b73-6\">Manfred.Knoche@plus.ac.at<\/span><\/a><\/p>\r\n<p>From 1994 to 2009, Manfred Knoche was a full professor of journalism and communication studies with a special focus on media economics and head of the Department of Media Economics and Empirical Communication Research. Doctorate in 1978 and habilitation in 1981 at the Free University of Berlin. From 1974 to 1983, he was a University Assistant and Assistant Professor at the Institute of Journalism at the Free University of Berlin, and from 1983 to 1994, he was a University Professor of Communication Studies at the Vrije Universiteit Brussel. His theoretical and methodological research approach is a critique of the political economy of the media, i.e. media economic and political analyses are part of a critique of society as a critique of capitalism within the framework of critical social theory.<\/p>\r\n<ul>\r\n<li><a title=\"Knoche Adornos Erben Scheu\" href=\"https:\/\/www.plus.ac.at\/wp-content\/uploads\/2022\/07\/MK-in-Scheu-2012-Adornos-Erben-Kopie-2.pdf\">Manfred Knoche \u2013 Empirie als \u00dcberlebensstrategie. In: Andreas M. Scheu: Adornos Erben in der Kommunikationswissenschaft. Eine Verdr\u00e4ngungsgeschichte? K\u00f6ln: Herbert von Halem Verlag 2012, S. 197-219.<\/a><\/li>\r\n<li><i class=\"fa fa-external-link\" aria-hidden=\"true\"><\/i><a title=\"Knoche Biografisches Lexikon\" href=\"http:\/\/blexkom.halemverlag.de\/manfred-knoche\/\" target=\"_blank\" rel=\"nofollow noopener\">Michael Meyen: Manfred Knoche, In: Michael Meyen\/Thomas Wiedemann (Hrsg.): Biografisches Lexikon der Kommunikationswissenschaft. K\u00f6ln: Herbert von Halem 2017.<\/a><\/li>\r\n<li>\u00a0<a title=\"Knoche Autobiografisches Interview\" href=\"http:\/\/blexkom.halemverlag.de\/knoche-interview\/\" target=\"_blank\" rel=\"nofollow noopener\">Autobiografisches Interview Manfred Knoche: Kritik der politischen \u00d6konomie der Medien. In: Michael Meyen\/Thomas Wiedemann (Hrsg.): Biografisches Lexikon der Kommunikationswissenschaft. K\u00f6ln: Herbert von Halem 2017<\/a><\/li>\r\n<li><a title=\"Interview Loeblich\" href=\"https:\/\/www.plus.ac.at\/wp-content\/uploads\/2022\/08\/Knoche-Autobiografisches-Interview-2020-2.pdf\">Manfred Knoche: Ich sehe es bis heute als mein pers\u00f6nliches Gl\u00fcck an, dass ich Teil der Studentenbewegung sein konnte. In: Maria L\u00f6blich\/Niklas Venema (Hrsg.): \u201eRegierungszeit des Mittelbaus\u201c? Ann\u00e4herungen an die Berliner Publizistikwissenschaft nach der Studentenbewegung. Herbert von Halem Verlag. K\u00f6ln 2020, S. 149-168.<\/a><\/li>\r\n<li><a title=\"Plus Research\" href=\"https:\/\/uni-salzburg.elsevierpure.com\/de\/persons\/manfred-knoche\" target=\"_blank\" rel=\"nofollow noopener\">Universit\u00e4t Salzburg Plus Research<\/a><\/li>\r\n<li><a title=\"Wikipedia\" href=\"https:\/\/de.m.wikipedia.org\/wiki\/Manfred_Knoche\" target=\"_blank\" rel=\"nofollow noopener\">Wikipedia<\/a><\/li>\r\n<\/ul>\r\n<h4>Science policy objective:<\/h4>\r\n<p><i class=\"fa fa-external-link\" aria-hidden=\"true\"><\/i>\u00a0<a title=\"Video\" href=\"https:\/\/www.medienoekonomie.at\/Medoekneu\/wp-content\/uploads\/2022\/08\/IMG_1655.mov\" target=\"_blank\" rel=\"nofollow noopener\">Video Non-Profit Open Acces<\/a><\/p>\r\n<p>[\/vc_column_text][vc_tta_accordion][vc_tta_section title=&#8221;Research Interests&#8221; tab_id=&#8221;1687894439643-362dbb23-6cd2c339-314d&#8221;]<div class=\"standard-arrow list-divider bullet-top\"><ul>\n<li>Critique of the political economy of the media<\/li>\n<li>Digitization\/restructuring\/transformation of the media industry<\/li>\n<li>Non-commercial alternative media<\/li>\n<li>Media markets \/ media concentration<\/li>\n<li>Media content analysis and media impact research<\/li>\n<li>Science communication OPEN ACCESS<\/li>\n<li>Media journalism<\/li>\n<\/ul>\n<\/div>[\/vc_tta_section][vc_tta_section title=&#8221;Networks&#8221; tab_id=&#8221;1687894439647-00c460a4-9ab3c339-314d&#8221;]<div class=\"standard-arrow list-divider bullet-top\"><ul>\n<li>\u00d6sterreichischen Gesellschaft f\u00fcr Kommunikationsfragen (<i class=\"fa fa-external-link\" aria-hidden=\"true\"><\/i>\u00a0<a title=\"http:\/\/www.ogk.at\/\" href=\"http:\/\/www.ogk.at\/\" target=\"_blank\" rel=\"nofollow noopener\">\u00d6GK<\/a>)<\/li>\n<li>Netzwerk Kritische Kommunikationswissenschaft (<i class=\"fa fa-external-link\" aria-hidden=\"true\"><\/i>\u00a0<a title=\"https:\/\/kritischekommunikationswissenschaft.wordpress.com\/\" href=\"https:\/\/kritischekommunikationswissenschaft.wordpress.com\/\" target=\"_blank\" rel=\"nofollow noopener\">KriKoWi<\/a>)<\/li>\n<li>Deutsche Gesellschaft f\u00fcr Publizistik- und Kommunikationswissenschaft (<i class=\"fa fa-external-link\" aria-hidden=\"true\"><\/i>\u00a0<a title=\"https:\/\/www.dgpuk.de\/de\/index.html\" href=\"https:\/\/www.dgpuk.de\/de\/index.html\" target=\"_blank\" rel=\"nofollow noopener\">DGPuK<\/a>)<\/li>\n<li><i class=\"fa fa-external-link\" aria-hidden=\"true\"><\/i>\u00a0<a title=\"https:\/\/www.researchgate.net\/profile\/Manfred-Knoche-2\" href=\"https:\/\/www.researchgate.net\/profile\/Manfred-Knoche-2\" target=\"_blank\" rel=\"nofollow noopener\">Researchgate<\/a><\/li>\n<li><i class=\"fa fa-external-link\" aria-hidden=\"true\"><\/i>\u00a0<a title=\"https:\/\/independent.academia.edu\/MKnoche\" href=\"https:\/\/independent.academia.edu\/MKnoche\" target=\"_blank\" rel=\"nofollow noopener\">Academia.edu<\/a><\/li>\n<li><i class=\"fa fa-external-link\" aria-hidden=\"true\"><\/i>\u00a0<a title=\"https:\/\/at.linkedin.com\/in\/prof-dr-manfred-knoche-3b77b469\" href=\"https:\/\/at.linkedin.com\/in\/prof-dr-manfred-knoche-3b77b469\" target=\"_blank\" rel=\"nofollow noopener\">Linkedin<\/a><\/li>\n<li><i class=\"fa fa-external-link\" aria-hidden=\"true\"><\/i>\u00a0<a title=\"https:\/\/twitter.com\/medoek?lang=de\" href=\"https:\/\/twitter.com\/medoek?lang=de\" target=\"_blank\" rel=\"nofollow noopener\">Twitter<\/a><\/li>\n<li><i class=\"fa fa-external-link\" aria-hidden=\"true\"><\/i>\u00a0<a title=\"https:\/\/orcid.org\/0000-0002-7490-5967\" href=\"https:\/\/orcid.org\/0000-0002-7490-5967\" target=\"_blank\" rel=\"nofollow noopener\">Orcid ID<\/a><\/li>\n<\/ul>\n<\/div>[\/vc_tta_section][vc_tta_section title=&#8221;Documentation of Research&#8221; tab_id=&#8221;1687894516670-7d16be3a-9e7ac339-314d&#8221;][vc_column_text]The current research documentation can be found <a href=\"https:\/\/uni-salzburg.elsevierpure.com\/de\/persons\/manfred-knoche\" target=\"_blank\" rel=\"noopener\">here<\/a>[\/vc_column_text][\/vc_tta_section][\/vc_tta_accordion][\/vc_column][\/vc_row]<\/p>\r\n<p><\/p><\/div>","protected":false},"excerpt":{"rendered":"<p>Manfred.Knoche@plus.ac.at<\/p>\n","protected":false},"featured_media":13090,"comment_status":"closed","ping_status":"closed","template":"","dt_team_category":[585,617],"class_list":["post-14756","dt_team","type-dt_team","status-publish","has-post-thumbnail","hentry","dt_team_category-communication-studies","dt_team_category-emeriti-en","dt_team_category-585","dt_team_category-617","description-off"],"yoast_head":"<!-- This site is optimized with the Yoast SEO plugin v27.4 - https:\/\/yoast.com\/product\/yoast-seo-wordpress\/ -->\n<title>Manfred Knoche r. - KoWi Salzburg<\/title>\n<meta name=\"robots\" content=\"index, follow, max-snippet:-1, max-image-preview:large, max-video-preview:-1\" \/>\n<link rel=\"canonical\" href=\"https:\/\/www.kowi-salzburg.at\/en\/team\/o-univ-prof-em-dr-manfred-knoche\/\" \/>\n<meta property=\"og:locale\" content=\"en_US\" \/>\n<meta property=\"og:type\" content=\"article\" \/>\n<meta property=\"og:title\" content=\"Manfred Knoche r. - KoWi Salzburg\" \/>\n<meta property=\"og:description\" content=\"Manfred.Knoche@plus.ac.at\" \/>\n<meta property=\"og:url\" content=\"https:\/\/www.kowi-salzburg.at\/en\/team\/o-univ-prof-em-dr-manfred-knoche\/\" \/>\n<meta property=\"og:site_name\" content=\"KoWi Salzburg\" \/>\n<meta property=\"article:modified_time\" content=\"2023-12-12T13:24:27+00:00\" \/>\n<meta property=\"og:image\" content=\"https:\/\/www.kowi-salzburg.at\/wp-content\/uploads\/2019\/08\/portrait_manfredknoche_web.jpg\" \/>\n\t<meta property=\"og:image:width\" content=\"2046\" \/>\n\t<meta property=\"og:image:height\" content=\"1374\" \/>\n\t<meta property=\"og:image:type\" content=\"image\/jpeg\" \/>\n<meta name=\"twitter:card\" content=\"summary_large_image\" \/>\n<meta name=\"twitter:site\" content=\"@kow_salzburg\" \/>\n<meta name=\"twitter:label1\" content=\"Est. reading time\" \/>\n\t<meta name=\"twitter:data1\" content=\"3 minutes\" \/>\n<script type=\"application\/ld+json\" class=\"yoast-schema-graph\">{\"@context\":\"https:\\\/\\\/schema.org\",\"@graph\":[{\"@type\":\"WebPage\",\"@id\":\"https:\\\/\\\/www.kowi-salzburg.at\\\/en\\\/team\\\/o-univ-prof-em-dr-manfred-knoche\\\/\",\"url\":\"https:\\\/\\\/www.kowi-salzburg.at\\\/en\\\/team\\\/o-univ-prof-em-dr-manfred-knoche\\\/\",\"name\":\"Manfred Knoche r. - KoWi Salzburg\",\"isPartOf\":{\"@id\":\"https:\\\/\\\/www.kowi-salzburg.at\\\/en\\\/#website\"},\"primaryImageOfPage\":{\"@id\":\"https:\\\/\\\/www.kowi-salzburg.at\\\/en\\\/team\\\/o-univ-prof-em-dr-manfred-knoche\\\/#primaryimage\"},\"image\":{\"@id\":\"https:\\\/\\\/www.kowi-salzburg.at\\\/en\\\/team\\\/o-univ-prof-em-dr-manfred-knoche\\\/#primaryimage\"},\"thumbnailUrl\":\"https:\\\/\\\/www.kowi-salzburg.at\\\/wp-content\\\/uploads\\\/2019\\\/08\\\/portrait_manfredknoche_web.jpg\",\"datePublished\":\"2023-06-28T09:14:35+00:00\",\"dateModified\":\"2023-12-12T13:24:27+00:00\",\"breadcrumb\":{\"@id\":\"https:\\\/\\\/www.kowi-salzburg.at\\\/en\\\/team\\\/o-univ-prof-em-dr-manfred-knoche\\\/#breadcrumb\"},\"inLanguage\":\"en-US\",\"potentialAction\":[{\"@type\":\"ReadAction\",\"target\":[\"https:\\\/\\\/www.kowi-salzburg.at\\\/en\\\/team\\\/o-univ-prof-em-dr-manfred-knoche\\\/\"]}]},{\"@type\":\"ImageObject\",\"inLanguage\":\"en-US\",\"@id\":\"https:\\\/\\\/www.kowi-salzburg.at\\\/en\\\/team\\\/o-univ-prof-em-dr-manfred-knoche\\\/#primaryimage\",\"url\":\"https:\\\/\\\/www.kowi-salzburg.at\\\/wp-content\\\/uploads\\\/2019\\\/08\\\/portrait_manfredknoche_web.jpg\",\"contentUrl\":\"https:\\\/\\\/www.kowi-salzburg.at\\\/wp-content\\\/uploads\\\/2019\\\/08\\\/portrait_manfredknoche_web.jpg\",\"width\":2046,\"height\":1374,\"caption\":\"Manfred Knoche\"},{\"@type\":\"BreadcrumbList\",\"@id\":\"https:\\\/\\\/www.kowi-salzburg.at\\\/en\\\/team\\\/o-univ-prof-em-dr-manfred-knoche\\\/#breadcrumb\",\"itemListElement\":[{\"@type\":\"ListItem\",\"position\":1,\"name\":\"Startseite\",\"item\":\"https:\\\/\\\/www.kowi-salzburg.at\\\/en\\\/\"},{\"@type\":\"ListItem\",\"position\":2,\"name\":\"Mitarbeiter:innen\",\"item\":\"https:\\\/\\\/www.kowi-salzburg.at\\\/en\\\/team\\\/\"},{\"@type\":\"ListItem\",\"position\":3,\"name\":\"Manfred Knoche r.\"}]},{\"@type\":\"WebSite\",\"@id\":\"https:\\\/\\\/www.kowi-salzburg.at\\\/en\\\/#website\",\"url\":\"https:\\\/\\\/www.kowi-salzburg.at\\\/en\\\/\",\"name\":\"KoWi Salzburg\",\"description\":\"FB Kommunikationswissenschaften Universit\u00e4t Salzburg\",\"publisher\":{\"@id\":\"https:\\\/\\\/www.kowi-salzburg.at\\\/en\\\/#organization\"},\"potentialAction\":[{\"@type\":\"SearchAction\",\"target\":{\"@type\":\"EntryPoint\",\"urlTemplate\":\"https:\\\/\\\/www.kowi-salzburg.at\\\/en\\\/?s={search_term_string}\"},\"query-input\":{\"@type\":\"PropertyValueSpecification\",\"valueRequired\":true,\"valueName\":\"search_term_string\"}}],\"inLanguage\":\"en-US\"},{\"@type\":\"Organization\",\"@id\":\"https:\\\/\\\/www.kowi-salzburg.at\\\/en\\\/#organization\",\"name\":\"KoWi Salzburg\",\"url\":\"https:\\\/\\\/www.kowi-salzburg.at\\\/en\\\/\",\"logo\":{\"@type\":\"ImageObject\",\"inLanguage\":\"en-US\",\"@id\":\"https:\\\/\\\/www.kowi-salzburg.at\\\/en\\\/#\\\/schema\\\/logo\\\/image\\\/\",\"url\":\"https:\\\/\\\/www.kowi-salzburg.at\\\/wp-content\\\/uploads\\\/2023\\\/07\\\/PLUS-Logo-Farbe-gross.png\",\"contentUrl\":\"https:\\\/\\\/www.kowi-salzburg.at\\\/wp-content\\\/uploads\\\/2023\\\/07\\\/PLUS-Logo-Farbe-gross.png\",\"width\":1417,\"height\":708,\"caption\":\"KoWi Salzburg\"},\"image\":{\"@id\":\"https:\\\/\\\/www.kowi-salzburg.at\\\/en\\\/#\\\/schema\\\/logo\\\/image\\\/\"},\"sameAs\":[\"https:\\\/\\\/x.com\\\/kow_salzburg\",\"https:\\\/\\\/instagram.com\\\/kowi_salzburg\"]}]}<\/script>\n<!-- \/ Yoast SEO plugin. -->","yoast_head_json":{"title":"Manfred Knoche r. - KoWi Salzburg","robots":{"index":"index","follow":"follow","max-snippet":"max-snippet:-1","max-image-preview":"max-image-preview:large","max-video-preview":"max-video-preview:-1"},"canonical":"https:\/\/www.kowi-salzburg.at\/en\/team\/o-univ-prof-em-dr-manfred-knoche\/","og_locale":"en_US","og_type":"article","og_title":"Manfred Knoche r. - KoWi Salzburg","og_description":"Manfred.Knoche@plus.ac.at","og_url":"https:\/\/www.kowi-salzburg.at\/en\/team\/o-univ-prof-em-dr-manfred-knoche\/","og_site_name":"KoWi Salzburg","article_modified_time":"2023-12-12T13:24:27+00:00","og_image":[{"width":2046,"height":1374,"url":"https:\/\/www.kowi-salzburg.at\/wp-content\/uploads\/2019\/08\/portrait_manfredknoche_web.jpg","type":"image\/jpeg"}],"twitter_card":"summary_large_image","twitter_site":"@kow_salzburg","twitter_misc":{"Est. reading time":"3 minutes"},"schema":{"@context":"https:\/\/schema.org","@graph":[{"@type":"WebPage","@id":"https:\/\/www.kowi-salzburg.at\/en\/team\/o-univ-prof-em-dr-manfred-knoche\/","url":"https:\/\/www.kowi-salzburg.at\/en\/team\/o-univ-prof-em-dr-manfred-knoche\/","name":"Manfred Knoche r. - KoWi Salzburg","isPartOf":{"@id":"https:\/\/www.kowi-salzburg.at\/en\/#website"},"primaryImageOfPage":{"@id":"https:\/\/www.kowi-salzburg.at\/en\/team\/o-univ-prof-em-dr-manfred-knoche\/#primaryimage"},"image":{"@id":"https:\/\/www.kowi-salzburg.at\/en\/team\/o-univ-prof-em-dr-manfred-knoche\/#primaryimage"},"thumbnailUrl":"https:\/\/www.kowi-salzburg.at\/wp-content\/uploads\/2019\/08\/portrait_manfredknoche_web.jpg","datePublished":"2023-06-28T09:14:35+00:00","dateModified":"2023-12-12T13:24:27+00:00","breadcrumb":{"@id":"https:\/\/www.kowi-salzburg.at\/en\/team\/o-univ-prof-em-dr-manfred-knoche\/#breadcrumb"},"inLanguage":"en-US","potentialAction":[{"@type":"ReadAction","target":["https:\/\/www.kowi-salzburg.at\/en\/team\/o-univ-prof-em-dr-manfred-knoche\/"]}]},{"@type":"ImageObject","inLanguage":"en-US","@id":"https:\/\/www.kowi-salzburg.at\/en\/team\/o-univ-prof-em-dr-manfred-knoche\/#primaryimage","url":"https:\/\/www.kowi-salzburg.at\/wp-content\/uploads\/2019\/08\/portrait_manfredknoche_web.jpg","contentUrl":"https:\/\/www.kowi-salzburg.at\/wp-content\/uploads\/2019\/08\/portrait_manfredknoche_web.jpg","width":2046,"height":1374,"caption":"Manfred Knoche"},{"@type":"BreadcrumbList","@id":"https:\/\/www.kowi-salzburg.at\/en\/team\/o-univ-prof-em-dr-manfred-knoche\/#breadcrumb","itemListElement":[{"@type":"ListItem","position":1,"name":"Startseite","item":"https:\/\/www.kowi-salzburg.at\/en\/"},{"@type":"ListItem","position":2,"name":"Mitarbeiter:innen","item":"https:\/\/www.kowi-salzburg.at\/en\/team\/"},{"@type":"ListItem","position":3,"name":"Manfred Knoche r."}]},{"@type":"WebSite","@id":"https:\/\/www.kowi-salzburg.at\/en\/#website","url":"https:\/\/www.kowi-salzburg.at\/en\/","name":"KoWi Salzburg","description":"FB Kommunikationswissenschaften Universit\u00e4t Salzburg","publisher":{"@id":"https:\/\/www.kowi-salzburg.at\/en\/#organization"},"potentialAction":[{"@type":"SearchAction","target":{"@type":"EntryPoint","urlTemplate":"https:\/\/www.kowi-salzburg.at\/en\/?s={search_term_string}"},"query-input":{"@type":"PropertyValueSpecification","valueRequired":true,"valueName":"search_term_string"}}],"inLanguage":"en-US"},{"@type":"Organization","@id":"https:\/\/www.kowi-salzburg.at\/en\/#organization","name":"KoWi Salzburg","url":"https:\/\/www.kowi-salzburg.at\/en\/","logo":{"@type":"ImageObject","inLanguage":"en-US","@id":"https:\/\/www.kowi-salzburg.at\/en\/#\/schema\/logo\/image\/","url":"https:\/\/www.kowi-salzburg.at\/wp-content\/uploads\/2023\/07\/PLUS-Logo-Farbe-gross.png","contentUrl":"https:\/\/www.kowi-salzburg.at\/wp-content\/uploads\/2023\/07\/PLUS-Logo-Farbe-gross.png","width":1417,"height":708,"caption":"KoWi Salzburg"},"image":{"@id":"https:\/\/www.kowi-salzburg.at\/en\/#\/schema\/logo\/image\/"},"sameAs":["https:\/\/x.com\/kow_salzburg","https:\/\/instagram.com\/kowi_salzburg"]}]}},"publishpress_future_workflow_manual_trigger":{"enabledWorkflows":[]},"_links":{"self":[{"href":"https:\/\/www.kowi-salzburg.at\/en\/wp-json\/wp\/v2\/dt_team\/14756","targetHints":{"allow":["GET"]}}],"collection":[{"href":"https:\/\/www.kowi-salzburg.at\/en\/wp-json\/wp\/v2\/dt_team"}],"about":[{"href":"https:\/\/www.kowi-salzburg.at\/en\/wp-json\/wp\/v2\/types\/dt_team"}],"replies":[{"embeddable":true,"href":"https:\/\/www.kowi-salzburg.at\/en\/wp-json\/wp\/v2\/comments?post=14756"}],"wp:featuredmedia":[{"embeddable":true,"href":"https:\/\/www.kowi-salzburg.at\/en\/wp-json\/wp\/v2\/media\/13090"}],"wp:attachment":[{"href":"https:\/\/www.kowi-salzburg.at\/en\/wp-json\/wp\/v2\/media?parent=14756"}],"wp:term":[{"taxonomy":"dt_team_category","embeddable":true,"href":"https:\/\/www.kowi-salzburg.at\/en\/wp-json\/wp\/v2\/dt_team_category?post=14756"}],"curies":[{"name":"wp","href":"https:\/\/api.w.org\/{rel}","templated":true}]}}